{"version":"1.0","provider_name":"","provider_url":"https:\/\/mozdaniudar.org\/wp","author_name":"admin","author_url":"https:\/\/mozdaniudar.org\/wp\/author\/admin\/","title":"Radna konferencija Evropske Alijanse za mo\u017edani udar (SAFE) -","type":"rich","width":600,"height":338,"html":"<blockquote class=\"wp-embedded-content\"><a href=\"https:\/\/mozdaniudar.org\/wp\/2018\/01\/26\/radna-konferencija-evropske-alijanse-za-mozdani-udar\/\">Radna konferencija Evropske Alijanse za mo\u017edani udar (SAFE)<\/a><\/blockquote>\n<script type='text\/javascript'>\n<!--\/\/--><![CDATA[\/\/><!--\n\t\t\/*! This file is auto-generated *\/\n\t\t!function(d,l){\"use strict\";var e=!1,n=!1;if(l.querySelector)if(d.addEventListener)e=!0;if(d.wp=d.wp||{},!d.wp.receiveEmbedMessage)if(d.wp.receiveEmbedMessage=function(e){var t=e.data;if(t)if(t.secret||t.message||t.value)if(!\/[^a-zA-Z0-9]\/.test(t.secret)){for(var r,i,a,s=l.querySelectorAll('iframe[data-secret=\"'+t.secret+'\"]'),n=l.querySelectorAll('blockquote[data-secret=\"'+t.secret+'\"]'),o=new RegExp(\"^https?:$\",\"i\"),c=0;c<n.length;c++)n[c].style.display=\"none\";for(c=0;c<s.length;c++)if(r=s[c],e.source===r.contentWindow){if(r.removeAttribute(\"style\"),\"height\"===t.message){if(1e3<(a=parseInt(t.value,10)))a=1e3;else if(~~a<200)a=200;r.height=a}if(\"link\"===t.message)if(i=l.createElement(\"a\"),a=l.createElement(\"a\"),i.href=r.getAttribute(\"src\"),a.href=t.value,o.test(a.protocol))if(a.host===i.host)if(l.activeElement===r)d.top.location.href=t.value}}},e)d.addEventListener(\"message\",d.wp.receiveEmbedMessage,!1),l.addEventListener(\"DOMContentLoaded\",t,!1),d.addEventListener(\"load\",t,!1);function t(){if(!n){n=!0;for(var e,t,r=-1!==navigator.appVersion.indexOf(\"MSIE 10\"),i=!!navigator.userAgent.match(\/Trident.*rv:11\\.\/),a=l.querySelectorAll(\"iframe.wp-embedded-content\"),s=0;s<a.length;s++){if(!(e=a[s]).getAttribute(\"data-secret\"))t=Math.random().toString(36).substr(2,10),e.src+=\"#?secret=\"+t,e.setAttribute(\"data-secret\",t);if(r||i)(t=e.cloneNode(!0)).removeAttribute(\"security\"),e.parentNode.replaceChild(t,e)}}}}(window,document);\n\/\/--><!]]>\n<\/script><iframe sandbox=\"allow-scripts\" security=\"restricted\" src=\"https:\/\/mozdaniudar.org\/wp\/2018\/01\/26\/radna-konferencija-evropske-alijanse-za-mozdani-udar\/embed\/\" width=\"600\" height=\"338\" title=\"&#8220;Radna konferencija Evropske Alijanse za mo\u017edani udar (SAFE)&#8221; &#8212; \" frameborder=\"0\" marginwidth=\"0\" marginheight=\"0\" scrolling=\"no\" class=\"wp-embedded-content\"><\/iframe>","thumbnail_url":"https:\/\/mozdaniudar.org\/wp\/wp-content\/uploads\/2018\/01\/24909771_811490632308954_3189134830653335098_n.jpg","thumbnail_width":960,"thumbnail_height":720,"description":"Po\u010detkom decembra, u Zagrebu je odr\u017eana Radna konferencija Evropske alijanse za mo\u017edani udar. Prisustvovalo je vi\u0161e od 100 delegata iz vi\u0161e od 30 Organizacija iz skoro svih zemalja Evrope. Mi smo naravno bili na licu mesta i predstavljali smo na\u0161u zemlju."}